{"id":182,"date":"2026-08-09T20:39:01","date_gmt":"2026-08-09T18:39:01","guid":{"rendered":"https:\/\/sanz-avocat.com\/?page_id=182"},"modified":"2026-09-01T02:03:00","modified_gmt":"2026-09-01T00:03:00","slug":"newsletter","status":"publish","type":"page","link":"https:\/\/sanz-avocat.com\/index.php\/newsletter\/","title":{"rendered":"NEWSLETTER"},"content":{"rendered":"\n<figure class=\"wp-block-image size-full\"><img loading=\"lazy\" decoding=\"async\" width=\"1216\" height=\"189\" src=\"https:\/\/sanz-avocat.com\/wp-content\/uploads\/2026\/08\/Banniere-Newsletter-logo-2-beige-2.png\" alt=\"\" class=\"wp-image-590\"\/><\/figure>\n\n\n\n<div class=\"wp-block-group alignfull has-global-padding is-layout-constrained wp-container-core-group-is-layout-59ae12d3 wp-block-group-is-layout-constrained\" style=\"min-height:0vh;margin-top:0;margin-bottom:0;padding-top:var(--wp--preset--spacing--50);padding-right:var(--wp--preset--spacing--40);padding-bottom:var(--wp--preset--spacing--50);padding-left:var(--wp--preset--spacing--40)\">\n<div class=\"wp-block-group has-global-padding is-layout-constrained wp-container-core-group-is-layout-f15145cb wp-block-group-is-layout-constrained\">\n<h2 class=\"wp-block-heading has-text-align-center has-xx-large-font-size\" style=\"margin-right:0;margin-left:0;padding-right:0;padding-left:0\"><em>\u00ab\u00a0IMPACT\u00a0\u00bb<\/em> pour<br>une s\u00e9lection cibl\u00e9e<\/h2>\n\n\n\n<p class=\"has-text-align-center has-medium-font-size wp-block-paragraph\">Comprendre les \u00e9volutions du droit \u00e9conomique est un enjeu strat\u00e9gique. <br>Je vous propose une veille s\u00e9lective et accessible des actualit\u00e9s les plus marquantes, afin d&rsquo;en d\u00e9gager les cons\u00e9quences concr\u00e8tes pour les entreprises.<\/p>\n<\/div>\n<\/div>\n\n\n\n<h2 class=\"wp-block-heading has-text-align-center alignwide\" style=\"font-size:clamp(1.146rem, 1.146rem + ((1vw - 0.2rem) * 1.026), 1.8rem);\"><strong>ACTUALITES A RETENIR POUR LA RENTREE<\/strong><\/h2>\n\n\n\n<div style=\"height:13px\" aria-hidden=\"true\" class=\"wp-block-spacer\"><\/div>\n\n\n\n<div class=\"wp-block-cover alignwide is-light\" style=\"min-height:200px;aspect-ratio:unset;\"><img loading=\"lazy\" decoding=\"async\" width=\"1024\" height=\"683\" class=\"wp-block-cover__image-background wp-image-574 size-large\" alt=\"\" src=\"https:\/\/sanz-avocat.com\/wp-content\/uploads\/2026\/08\/01_puzzle-2-1024x683.jpg\" data-object-fit=\"cover\" srcset=\"https:\/\/sanz-avocat.com\/wp-content\/uploads\/2026\/08\/01_puzzle-2-1024x683.jpg 1024w, https:\/\/sanz-avocat.com\/wp-content\/uploads\/2026\/08\/01_puzzle-2-300x200.jpg 300w, https:\/\/sanz-avocat.com\/wp-content\/uploads\/2026\/08\/01_puzzle-2-768x512.jpg 768w, https:\/\/sanz-avocat.com\/wp-content\/uploads\/2026\/08\/01_puzzle-2.jpg 1200w\" sizes=\"auto, (max-width: 1024px) 100vw, 1024px\" \/><span aria-hidden=\"true\" class=\"wp-block-cover__background has-background-dim\" style=\"background-color:#c9d3df\"><\/span><div class=\"wp-block-cover__inner-container has-global-padding is-layout-constrained wp-block-cover-is-layout-constrained\">\n<p class=\"has-text-align-center has-base-color has-text-color has-link-color has-large-font-size wp-elements-1 wp-block-paragraph\" style=\"font-style:normal;font-weight:600\"><strong>ENJEUX CONCURRENCE EN M&amp;A<\/strong><\/p>\n<\/div><\/div>\n\n\n\n<div class=\"wp-block-query alignwide is-layout-flow wp-block-query-is-layout-flow\"><ul class=\"columns-3 wp-block-post-template is-layout-grid wp-container-core-post-template-is-layout-7e964c02 wp-block-post-template-is-layout-grid\"><li class=\"wp-block-post post-847 post type-post status-publish format-standard has-post-thumbnail hentry category-enjeux-concurrence-en-ma\">\n<figure class=\"wp-block-post-featured-image\"><img loading=\"lazy\" decoding=\"async\" width=\"2560\" height=\"1706\" src=\"https:\/\/sanz-avocat.com\/wp-content\/uploads\/2026\/08\/stairs-scaled.jpg\" class=\"attachment-post-thumbnail size-post-thumbnail wp-post-image\" alt=\"\" style=\"aspect-ratio:4\/3;width:100%;object-fit:cover;\" srcset=\"https:\/\/sanz-avocat.com\/wp-content\/uploads\/2026\/08\/stairs-scaled.jpg 2560w, https:\/\/sanz-avocat.com\/wp-content\/uploads\/2026\/08\/stairs-300x200.jpg 300w, https:\/\/sanz-avocat.com\/wp-content\/uploads\/2026\/08\/stairs-1024x683.jpg 1024w, https:\/\/sanz-avocat.com\/wp-content\/uploads\/2026\/08\/stairs-768x512.jpg 768w, https:\/\/sanz-avocat.com\/wp-content\/uploads\/2026\/08\/stairs-1536x1024.jpg 1536w, https:\/\/sanz-avocat.com\/wp-content\/uploads\/2026\/08\/stairs-2048x1365.jpg 2048w\" sizes=\"auto, (max-width: 2560px) 100vw, 2560px\" \/><\/figure>\n\n<h2 class=\"wp-block-post-title has-large-font-size\"><a href=\"https:\/\/sanz-avocat.com\/index.php\/2026\/08\/30\/concentrations-nouveaux-seuils-applicables-en-france-au-1er-septembre-2026\/\" target=\"_self\" >Concentrations : nouveaux seuils applicables en France au 1er septembre 2026<\/a><\/h2>\n<\/li><li class=\"wp-block-post post-850 post type-post status-publish format-standard has-post-thumbnail hentry category-enjeux-concurrence-en-ma\">\n<figure class=\"wp-block-post-featured-image\"><img loading=\"lazy\" decoding=\"async\" width=\"1920\" height=\"2560\" src=\"https:\/\/sanz-avocat.com\/wp-content\/uploads\/2026\/08\/sous-les-seuils-scaled.jpg\" class=\"attachment-post-thumbnail size-post-thumbnail wp-post-image\" alt=\"\" style=\"aspect-ratio:4\/3;width:100%;object-fit:cover;\" srcset=\"https:\/\/sanz-avocat.com\/wp-content\/uploads\/2026\/08\/sous-les-seuils-scaled.jpg 1920w, https:\/\/sanz-avocat.com\/wp-content\/uploads\/2026\/08\/sous-les-seuils-225x300.jpg 225w, https:\/\/sanz-avocat.com\/wp-content\/uploads\/2026\/08\/sous-les-seuils-768x1024.jpg 768w, https:\/\/sanz-avocat.com\/wp-content\/uploads\/2026\/08\/sous-les-seuils-1152x1536.jpg 1152w, https:\/\/sanz-avocat.com\/wp-content\/uploads\/2026\/08\/sous-les-seuils-1536x2048.jpg 1536w\" sizes=\"auto, (max-width: 1920px) 100vw, 1920px\" \/><\/figure>\n\n<h2 class=\"wp-block-post-title has-large-font-size\"><a href=\"https:\/\/sanz-avocat.com\/index.php\/2026\/08\/30\/concentrations-sous-les-seuils-mais-bientot-sous-controle-en-france\/\" target=\"_self\" >Concentrations : sous les seuils, mais bient\u00f4t sous contr\u00f4le en France ?<\/a><\/h2>\n<\/li><li class=\"wp-block-post post-854 post type-post status-publish format-standard has-post-thumbnail hentry category-enjeux-concurrence-en-ma\">\n<figure class=\"wp-block-post-featured-image\"><img loading=\"lazy\" decoding=\"async\" width=\"2112\" height=\"1374\" src=\"https:\/\/sanz-avocat.com\/wp-content\/uploads\/2026\/08\/killer-acquisition.jpg\" class=\"attachment-post-thumbnail size-post-thumbnail wp-post-image\" alt=\"\" style=\"aspect-ratio:4\/3;width:100%;object-fit:cover;\" srcset=\"https:\/\/sanz-avocat.com\/wp-content\/uploads\/2026\/08\/killer-acquisition.jpg 2112w, https:\/\/sanz-avocat.com\/wp-content\/uploads\/2026\/08\/killer-acquisition-300x195.jpg 300w, https:\/\/sanz-avocat.com\/wp-content\/uploads\/2026\/08\/killer-acquisition-1024x666.jpg 1024w, https:\/\/sanz-avocat.com\/wp-content\/uploads\/2026\/08\/killer-acquisition-768x500.jpg 768w, https:\/\/sanz-avocat.com\/wp-content\/uploads\/2026\/08\/killer-acquisition-1536x999.jpg 1536w, https:\/\/sanz-avocat.com\/wp-content\/uploads\/2026\/08\/killer-acquisition-2048x1332.jpg 2048w\" sizes=\"auto, (max-width: 2112px) 100vw, 2112px\" \/><\/figure>\n\n<h2 class=\"wp-block-post-title has-large-font-size\"><a href=\"https:\/\/sanz-avocat.com\/index.php\/2026\/08\/30\/controle-actif-des-acquisitions-predatrices-killer-acquisitions\/\" target=\"_self\" >Contr\u00f4le actif des acquisitions pr\u00e9datrices (killer acquisitions)?<\/a><\/h2>\n<\/li><\/ul>\n\n\n\n<\/div>\n\n\n\n<div class=\"wp-block-cover alignwide is-light\" style=\"min-height:200px;aspect-ratio:unset;\"><img loading=\"lazy\" decoding=\"async\" width=\"1024\" height=\"683\" class=\"wp-block-cover__image-background wp-image-105 size-large\" alt=\"\" src=\"http:\/\/sanz-avocat.com\/wp-content\/uploads\/2026\/08\/02_pierres-1024x683.jpg\" data-object-fit=\"cover\" srcset=\"https:\/\/sanz-avocat.com\/wp-content\/uploads\/2026\/08\/02_pierres-1024x683.jpg 1024w, https:\/\/sanz-avocat.com\/wp-content\/uploads\/2026\/08\/02_pierres-300x200.jpg 300w, https:\/\/sanz-avocat.com\/wp-content\/uploads\/2026\/08\/02_pierres-768x512.jpg 768w, https:\/\/sanz-avocat.com\/wp-content\/uploads\/2026\/08\/02_pierres.jpg 1200w\" sizes=\"auto, (max-width: 1024px) 100vw, 1024px\" \/><span aria-hidden=\"true\" class=\"wp-block-cover__background has-background-dim\" style=\"background-color:#becad8\"><\/span><div class=\"wp-block-cover__inner-container has-global-padding is-layout-constrained wp-block-cover-is-layout-constrained\">\n<p class=\"has-text-align-center has-base-color has-text-color has-link-color has-large-font-size wp-elements-2 wp-block-paragraph\" style=\"font-style:normal;font-weight:600\"><strong>RELATIONS ENTRE CONCURRENTS<\/strong><\/p>\n<\/div><\/div>\n\n\n\n<div class=\"wp-block-query alignwide is-layout-flow wp-block-query-is-layout-flow\"><ul class=\"columns-3 wp-block-post-template is-layout-grid wp-container-core-post-template-is-layout-7e964c02 wp-block-post-template-is-layout-grid\"><li class=\"wp-block-post post-859 post type-post status-publish format-standard has-post-thumbnail hentry category-relations-entre-concurrents\">\n<figure class=\"wp-block-post-featured-image\"><img loading=\"lazy\" decoding=\"async\" width=\"2560\" height=\"1707\" src=\"https:\/\/sanz-avocat.com\/wp-content\/uploads\/2026\/08\/green-scaled.jpg\" class=\"attachment-post-thumbnail size-post-thumbnail wp-post-image\" alt=\"\" style=\"aspect-ratio:4\/3;width:100%;object-fit:cover;\" srcset=\"https:\/\/sanz-avocat.com\/wp-content\/uploads\/2026\/08\/green-scaled.jpg 2560w, https:\/\/sanz-avocat.com\/wp-content\/uploads\/2026\/08\/green-300x200.jpg 300w, https:\/\/sanz-avocat.com\/wp-content\/uploads\/2026\/08\/green-1024x683.jpg 1024w, https:\/\/sanz-avocat.com\/wp-content\/uploads\/2026\/08\/green-768x512.jpg 768w, https:\/\/sanz-avocat.com\/wp-content\/uploads\/2026\/08\/green-1536x1024.jpg 1536w, https:\/\/sanz-avocat.com\/wp-content\/uploads\/2026\/08\/green-2048x1365.jpg 2048w\" sizes=\"auto, (max-width: 2560px) 100vw, 2560px\" \/><\/figure>\n\n<h2 class=\"wp-block-post-title has-large-font-size\"><a href=\"https:\/\/sanz-avocat.com\/index.php\/2026\/08\/30\/cooperations-en-matiere-de-durabilite-vers-une-meilleure-prise-en-compte-des-benefices-environnementaux\/\" target=\"_self\" >Coop\u00e9rations en mati\u00e8re de durabilit\u00e9 : analyse et prise en compte des b\u00e9n\u00e9fices environnementaux?<\/a><\/h2>\n<\/li><\/ul>\n\n\n\n<\/div>\n\n\n\n<div class=\"wp-block-cover alignwide is-light\" style=\"min-height:200px;aspect-ratio:unset;\"><img loading=\"lazy\" decoding=\"async\" width=\"1024\" height=\"683\" class=\"wp-block-cover__image-background wp-image-575 size-large\" alt=\"\" src=\"https:\/\/sanz-avocat.com\/wp-content\/uploads\/2026\/08\/08_relations_commerciales-2-1024x683.jpg\" data-object-fit=\"cover\" srcset=\"https:\/\/sanz-avocat.com\/wp-content\/uploads\/2026\/08\/08_relations_commerciales-2-1024x683.jpg 1024w, https:\/\/sanz-avocat.com\/wp-content\/uploads\/2026\/08\/08_relations_commerciales-2-300x200.jpg 300w, https:\/\/sanz-avocat.com\/wp-content\/uploads\/2026\/08\/08_relations_commerciales-2-768x512.jpg 768w, https:\/\/sanz-avocat.com\/wp-content\/uploads\/2026\/08\/08_relations_commerciales-2.jpg 1200w\" sizes=\"auto, (max-width: 1024px) 100vw, 1024px\" \/><span aria-hidden=\"true\" class=\"wp-block-cover__background has-background-dim\" style=\"background-color:#c2ccd9\"><\/span><div class=\"wp-block-cover__inner-container has-global-padding is-layout-constrained wp-block-cover-is-layout-constrained\">\n<p class=\"has-text-align-center has-base-color has-text-color has-link-color has-large-font-size wp-elements-3 wp-block-paragraph\" style=\"font-style:normal;font-weight:600\"><strong>RELATIONS COMMERCIALES<\/strong><\/p>\n<\/div><\/div>\n\n\n\n<div class=\"wp-block-query alignwide is-layout-flow wp-block-query-is-layout-flow\"><ul class=\"columns-3 wp-block-post-template is-layout-grid wp-container-core-post-template-is-layout-7e964c02 wp-block-post-template-is-layout-grid\"><li class=\"wp-block-post post-866 post type-post status-publish format-standard has-post-thumbnail hentry category-relations-commerciales\">\n<figure class=\"wp-block-post-featured-image\"><img loading=\"lazy\" decoding=\"async\" width=\"800\" height=\"533\" src=\"https:\/\/sanz-avocat.com\/wp-content\/uploads\/2026\/08\/Contrat-1.jpeg\" class=\"attachment-post-thumbnail size-post-thumbnail wp-post-image\" alt=\"\" style=\"aspect-ratio:4\/3;width:100%;object-fit:cover;\" srcset=\"https:\/\/sanz-avocat.com\/wp-content\/uploads\/2026\/08\/Contrat-1.jpeg 800w, https:\/\/sanz-avocat.com\/wp-content\/uploads\/2026\/08\/Contrat-1-300x200.jpeg 300w, https:\/\/sanz-avocat.com\/wp-content\/uploads\/2026\/08\/Contrat-1-768x512.jpeg 768w\" sizes=\"auto, (max-width: 800px) 100vw, 800px\" \/><\/figure>\n\n<h2 class=\"wp-block-post-title has-large-font-size\"><a href=\"https:\/\/sanz-avocat.com\/index.php\/2026\/08\/30\/negociations-commerciales-un-calendrier-plus-serre-pour-certaines-conventions-uniques\/\" target=\"_self\" >N\u00e9gociations commerciales: un calendrier plus serr\u00e9 pour certaines conventions uniques<\/a><\/h2>\n<\/li><li class=\"wp-block-post post-872 post type-post status-publish format-standard has-post-thumbnail hentry category-relations-commerciales\">\n<figure class=\"wp-block-post-featured-image\"><img loading=\"lazy\" decoding=\"async\" width=\"2560\" height=\"1707\" src=\"https:\/\/sanz-avocat.com\/wp-content\/uploads\/2026\/08\/pricing-scaled.jpg\" class=\"attachment-post-thumbnail size-post-thumbnail wp-post-image\" alt=\"\" style=\"aspect-ratio:4\/3;width:100%;object-fit:cover;\" srcset=\"https:\/\/sanz-avocat.com\/wp-content\/uploads\/2026\/08\/pricing-scaled.jpg 2560w, https:\/\/sanz-avocat.com\/wp-content\/uploads\/2026\/08\/pricing-300x200.jpg 300w, https:\/\/sanz-avocat.com\/wp-content\/uploads\/2026\/08\/pricing-1024x683.jpg 1024w, https:\/\/sanz-avocat.com\/wp-content\/uploads\/2026\/08\/pricing-768x512.jpg 768w, https:\/\/sanz-avocat.com\/wp-content\/uploads\/2026\/08\/pricing-1536x1024.jpg 1536w, https:\/\/sanz-avocat.com\/wp-content\/uploads\/2026\/08\/pricing-2048x1365.jpg 2048w\" sizes=\"auto, (max-width: 2560px) 100vw, 2560px\" \/><\/figure>\n\n<h2 class=\"wp-block-post-title has-large-font-size\"><a href=\"https:\/\/sanz-avocat.com\/index.php\/2026\/08\/30\/negociations-tarifaires-optimiser-les-leviers-existants-et-tirer-parti-de-la-loi-durgence-agricole\/\" target=\"_self\" >N\u00e9gociations tarifaires : optimiser les leviers existants et tirer parti de la loi d&rsquo;urgence agricole<\/a><\/h2>\n<\/li><\/ul>\n\n\n\n<\/div>\n\n\n\n<div style=\"height:90px\" aria-hidden=\"true\" class=\"wp-block-spacer\"><\/div>\n\n\n\n<script>\nwindow.addEventListener('DOMContentLoaded', () => {\n  \/\/ 1. D\u00e9ploiement automatique \u00e0 l'arriv\u00e9e sur la page via une URL ancr\u00e9e\n  if (window.location.hash) {\n    const heading = document.querySelector(window.location.hash);\n    if (heading && heading.classList.contains('wp-block-accordion-heading')) {\n      const accordionItem = heading.closest('.wp-block-accordion-item');\n      const button = heading.querySelector('.wp-block-accordion-heading__toggle');\n      \n      if (accordionItem) {\n        accordionItem.classList.add('is-open'); \n      }\n      if (button) {\n        button.click(); \/\/ Simule le clic pour ouvrir l'accord\u00e9on natif\n      }\n      \n      setTimeout(() => {\n        heading.scrollIntoView({ behavior: 'smooth', block: 'start' });\n      }, 300);\n    }\n  }\n\n  \/\/ 2. Met \u00e0 jour proprement l'URL du navigateur lors d'un clic direct sur le titre\n  document.querySelectorAll('.wp-block-accordion-heading__toggle-title a').forEach(link => {\n    link.addEventListener('click', (e) => {\n      const href = link.getAttribute('href');\n      if (href && href.startsWith('#')) {\n        history.pushState(null, null, href);\n      }\n    });\n  });\n});\n<\/script>\n\n\n\n<aside class=\"wp-block-group alignfull is-style-section-3 has-accent-5-background-color has-background has-global-padding is-layout-constrained wp-container-core-group-is-layout-0553457c wp-block-group-is-layout-constrained is-style-section-3--1\" style=\"margin-top:0;margin-bottom:0;padding-top:var(--wp--preset--spacing--50);padding-right:var(--wp--preset--spacing--50);padding-bottom:var(--wp--preset--spacing--50);padding-left:var(--wp--preset--spacing--50)\">\n<div class=\"wp-block-group has-accent-5-background-color has-background is-vertical is-content-justification-center is-layout-flex wp-container-core-group-is-layout-65db5ff9 wp-block-group-is-layout-flex\" style=\"min-height:360px;margin-top:0;margin-bottom:0\">\n<h2 class=\"wp-block-heading has-text-align-center has-x-large-font-size\"><strong>Recevoir la newsletter<\/strong><\/h2>\n\n\n\n<p class=\"has-text-align-center is-style-text-subtitle has-large-font-size is-style-text-subtitle--2 wp-block-paragraph\">Si vous souhaitez \u00eatre inform\u00e9 directement des derni\u00e8res actualit\u00e9s, l&rsquo;abonnement est gratuit.<\/p>\n\n\n\n<p class=\"has-text-align-center is-style-text-subtitle has-large-font-size is-style-text-subtitle--3 wp-block-paragraph\">Pour toute question sur les impacts de ces actualit\u00e9s sur votre activit\u00e9, n&rsquo;h\u00e9sitez pas \u00e0 me contacter.<\/p>\n\n\n\n<div style=\"height:0px\" aria-hidden=\"true\" class=\"wp-block-spacer wp-container-content-62aae154\"><\/div>\n\n\n\n<div class=\"wp-block-buttons is-content-justification-center is-layout-flex wp-container-core-buttons-is-layout-35f06ea7 wp-block-buttons-is-layout-flex\">\n<div class=\"wp-block-button\"><a class=\"wp-block-button__link has-text-align-center wp-element-button\" href=\"https:\/\/44932d8f.sibforms.com\/serve\/MUIFAAhOyukyXHYwYLtFAMTvMbwy_beVyP6X7OHmy6Yo8s4Aj2xm5UiB7FB6Gp1u7_TxC453Xh-IBluQF8YcOPsJ7FakQ3EeBbDOHRkX12od9AFBMRYrFV1b_wV9xw28VxSD1ga3WTiawnqXPv0XKFMdPieoAw37dP9hU8wm3AgB7CudYYYbC_FgePucNFyUVNgVyfP-QmgryGuKvg==\">S\u2019inscrire<\/a><\/div>\n<\/div>\n\n\n\n<figure class=\"wp-block-image size-thumbnail\"><img loading=\"lazy\" decoding=\"async\" width=\"150\" height=\"150\" src=\"https:\/\/sanz-avocat.com\/wp-content\/uploads\/2026\/08\/Icone-EN-150x150.png\" alt=\"\" class=\"wp-image-458\" srcset=\"https:\/\/sanz-avocat.com\/wp-content\/uploads\/2026\/08\/Icone-EN-150x150.png 150w, https:\/\/sanz-avocat.com\/wp-content\/uploads\/2026\/08\/Icone-EN-300x300.png 300w, https:\/\/sanz-avocat.com\/wp-content\/uploads\/2026\/08\/Icone-EN-1024x1024.png 1024w, https:\/\/sanz-avocat.com\/wp-content\/uploads\/2026\/08\/Icone-EN-768x768.png 768w, https:\/\/sanz-avocat.com\/wp-content\/uploads\/2026\/08\/Icone-EN.png 1254w\" sizes=\"auto, (max-width: 150px) 100vw, 150px\" \/><\/figure>\n<\/div>\n<\/aside>\n","protected":false},"excerpt":{"rendered":"<p>\u00ab\u00a0IMPACT\u00a0\u00bb pourune s\u00e9lection cibl\u00e9e Comprendre les \u00e9volutions du droit \u00e9conomique est un enjeu strat\u00e9gique. Je vous propose une veille s\u00e9lective et accessible des actualit\u00e9s les plus marquantes, afin d&rsquo;en d\u00e9gager les cons\u00e9quences concr\u00e8tes pour les entreprises. ACTUALITES A RETENIR POUR LA RENTREE Recevoir la newsletter Si vous souhaitez \u00eatre inform\u00e9 directement des derni\u00e8res actualit\u00e9s, l&rsquo;abonnement [&hellip;]<\/p>\n","protected":false},"author":1,"featured_media":184,"parent":0,"menu_order":0,"comment_status":"closed","ping_status":"closed","template":"","meta":{"footnotes":""},"class_list":["post-182","page","type-page","status-publish","has-post-thumbnail","hentry"],"yoast_head":"<!-- This site is optimized with the Yoast SEO plugin v28.3 - https:\/\/yoast.com\/product\/yoast-seo-wordpress\/ -->\n<title>NEWSLETTER - SANZ | AVOCAT<\/title>\n<meta name=\"robots\" content=\"index, follow, max-snippet:-1, max-image-preview:large, max-video-preview:-1\" \/>\n<link rel=\"canonical\" href=\"https:\/\/sanz-avocat.com\/index.php\/newsletter\/\" \/>\n<meta property=\"og:locale\" content=\"fr_FR\" \/>\n<meta property=\"og:type\" content=\"article\" \/>\n<meta property=\"og:title\" content=\"NEWSLETTER - SANZ | AVOCAT\" \/>\n<meta property=\"og:description\" content=\"\u00ab\u00a0IMPACT\u00a0\u00bb pourune s\u00e9lection cibl\u00e9e Comprendre les \u00e9volutions du droit \u00e9conomique est un enjeu strat\u00e9gique. Je vous propose une veille s\u00e9lective et accessible des actualit\u00e9s les plus marquantes, afin d&rsquo;en d\u00e9gager les cons\u00e9quences concr\u00e8tes pour les entreprises. ACTUALITES A RETENIR POUR LA RENTREE Recevoir la newsletter Si vous souhaitez \u00eatre inform\u00e9 directement des derni\u00e8res actualit\u00e9s, l&rsquo;abonnement [&hellip;]\" \/>\n<meta property=\"og:url\" content=\"https:\/\/sanz-avocat.com\/index.php\/newsletter\/\" \/>\n<meta property=\"og:site_name\" content=\"SANZ | AVOCAT\" \/>\n<meta property=\"article:modified_time\" content=\"2026-09-01T00:03:00+00:00\" \/>\n<meta property=\"og:image\" content=\"https:\/\/sanz-avocat.com\/wp-content\/uploads\/2026\/08\/businesswoman-cafe-communication-computer-concentrated-connection-1435853-pxhere.com_-1.jpg\" \/>\n\t<meta property=\"og:image:width\" content=\"800\" \/>\n\t<meta property=\"og:image:height\" content=\"538\" \/>\n\t<meta property=\"og:image:type\" content=\"image\/jpeg\" \/>\n<meta name=\"twitter:card\" content=\"summary_large_image\" \/>\n<meta name=\"twitter:label1\" content=\"Dur\u00e9e de lecture estim\u00e9e\" \/>\n\t<meta name=\"twitter:data1\" content=\"2 minutes\" \/>\n<script type=\"application\/ld+json\" class=\"yoast-schema-graph\">{\"@context\":\"https:\\\/\\\/schema.org\",\"@graph\":[{\"@type\":\"WebPage\",\"@id\":\"https:\\\/\\\/sanz-avocat.com\\\/index.php\\\/newsletter\\\/\",\"url\":\"https:\\\/\\\/sanz-avocat.com\\\/index.php\\\/newsletter\\\/\",\"name\":\"NEWSLETTER - SANZ | AVOCAT\",\"isPartOf\":{\"@id\":\"https:\\\/\\\/sanz-avocat.com\\\/#website\"},\"primaryImageOfPage\":{\"@id\":\"https:\\\/\\\/sanz-avocat.com\\\/index.php\\\/newsletter\\\/#primaryimage\"},\"image\":{\"@id\":\"https:\\\/\\\/sanz-avocat.com\\\/index.php\\\/newsletter\\\/#primaryimage\"},\"thumbnailUrl\":\"https:\\\/\\\/sanz-avocat.com\\\/wp-content\\\/uploads\\\/2026\\\/08\\\/businesswoman-cafe-communication-computer-concentrated-connection-1435853-pxhere.com_-1.jpg\",\"datePublished\":\"2026-08-09T18:39:01+00:00\",\"dateModified\":\"2026-09-01T00:03:00+00:00\",\"breadcrumb\":{\"@id\":\"https:\\\/\\\/sanz-avocat.com\\\/index.php\\\/newsletter\\\/#breadcrumb\"},\"inLanguage\":\"fr-FR\",\"potentialAction\":[{\"@type\":\"ReadAction\",\"target\":[\"https:\\\/\\\/sanz-avocat.com\\\/index.php\\\/newsletter\\\/\"]}]},{\"@type\":\"ImageObject\",\"inLanguage\":\"fr-FR\",\"@id\":\"https:\\\/\\\/sanz-avocat.com\\\/index.php\\\/newsletter\\\/#primaryimage\",\"url\":\"https:\\\/\\\/sanz-avocat.com\\\/wp-content\\\/uploads\\\/2026\\\/08\\\/businesswoman-cafe-communication-computer-concentrated-connection-1435853-pxhere.com_-1.jpg\",\"contentUrl\":\"https:\\\/\\\/sanz-avocat.com\\\/wp-content\\\/uploads\\\/2026\\\/08\\\/businesswoman-cafe-communication-computer-concentrated-connection-1435853-pxhere.com_-1.jpg\",\"width\":800,\"height\":538},{\"@type\":\"BreadcrumbList\",\"@id\":\"https:\\\/\\\/sanz-avocat.com\\\/index.php\\\/newsletter\\\/#breadcrumb\",\"itemListElement\":[{\"@type\":\"ListItem\",\"position\":1,\"name\":\"Accueil\",\"item\":\"https:\\\/\\\/sanz-avocat.com\\\/\"},{\"@type\":\"ListItem\",\"position\":2,\"name\":\"NEWSLETTER\"}]},{\"@type\":\"WebSite\",\"@id\":\"https:\\\/\\\/sanz-avocat.com\\\/#website\",\"url\":\"https:\\\/\\\/sanz-avocat.com\\\/\",\"name\":\"SANZ | AVOCAT\",\"description\":\"Le droit \u00e9conomique sur mesure\",\"publisher\":{\"@id\":\"https:\\\/\\\/sanz-avocat.com\\\/#organization\"},\"potentialAction\":[{\"@type\":\"SearchAction\",\"target\":{\"@type\":\"EntryPoint\",\"urlTemplate\":\"https:\\\/\\\/sanz-avocat.com\\\/?s={search_term_string}\"},\"query-input\":{\"@type\":\"PropertyValueSpecification\",\"valueRequired\":true,\"valueName\":\"search_term_string\"}}],\"inLanguage\":\"fr-FR\"},{\"@type\":\"Organization\",\"@id\":\"https:\\\/\\\/sanz-avocat.com\\\/#organization\",\"name\":\"SANZ | AVOCAT\",\"url\":\"https:\\\/\\\/sanz-avocat.com\\\/\",\"logo\":{\"@type\":\"ImageObject\",\"inLanguage\":\"fr-FR\",\"@id\":\"https:\\\/\\\/sanz-avocat.com\\\/#\\\/schema\\\/logo\\\/image\\\/\",\"url\":\"https:\\\/\\\/sanz-avocat.com\\\/wp-content\\\/uploads\\\/2026\\\/08\\\/Logo2-1.png\",\"contentUrl\":\"https:\\\/\\\/sanz-avocat.com\\\/wp-content\\\/uploads\\\/2026\\\/08\\\/Logo2-1.png\",\"width\":628,\"height\":450,\"caption\":\"SANZ | AVOCAT\"},\"image\":{\"@id\":\"https:\\\/\\\/sanz-avocat.com\\\/#\\\/schema\\\/logo\\\/image\\\/\"}}]}<\/script>\n<!-- \/ Yoast SEO plugin. -->","yoast_head_json":{"title":"NEWSLETTER - SANZ | AVOCAT","robots":{"index":"index","follow":"follow","max-snippet":"max-snippet:-1","max-image-preview":"max-image-preview:large","max-video-preview":"max-video-preview:-1"},"canonical":"https:\/\/sanz-avocat.com\/index.php\/newsletter\/","og_locale":"fr_FR","og_type":"article","og_title":"NEWSLETTER - SANZ | AVOCAT","og_description":"\u00ab\u00a0IMPACT\u00a0\u00bb pourune s\u00e9lection cibl\u00e9e Comprendre les \u00e9volutions du droit \u00e9conomique est un enjeu strat\u00e9gique. Je vous propose une veille s\u00e9lective et accessible des actualit\u00e9s les plus marquantes, afin d&rsquo;en d\u00e9gager les cons\u00e9quences concr\u00e8tes pour les entreprises. ACTUALITES A RETENIR POUR LA RENTREE Recevoir la newsletter Si vous souhaitez \u00eatre inform\u00e9 directement des derni\u00e8res actualit\u00e9s, l&rsquo;abonnement [&hellip;]","og_url":"https:\/\/sanz-avocat.com\/index.php\/newsletter\/","og_site_name":"SANZ | AVOCAT","article_modified_time":"2026-09-01T00:03:00+00:00","og_image":[{"width":800,"height":538,"url":"https:\/\/sanz-avocat.com\/wp-content\/uploads\/2026\/08\/businesswoman-cafe-communication-computer-concentrated-connection-1435853-pxhere.com_-1.jpg","type":"image\/jpeg"}],"twitter_card":"summary_large_image","twitter_misc":{"Dur\u00e9e de lecture estim\u00e9e":"2 minutes"},"schema":{"@context":"https:\/\/schema.org","@graph":[{"@type":"WebPage","@id":"https:\/\/sanz-avocat.com\/index.php\/newsletter\/","url":"https:\/\/sanz-avocat.com\/index.php\/newsletter\/","name":"NEWSLETTER - SANZ | AVOCAT","isPartOf":{"@id":"https:\/\/sanz-avocat.com\/#website"},"primaryImageOfPage":{"@id":"https:\/\/sanz-avocat.com\/index.php\/newsletter\/#primaryimage"},"image":{"@id":"https:\/\/sanz-avocat.com\/index.php\/newsletter\/#primaryimage"},"thumbnailUrl":"https:\/\/sanz-avocat.com\/wp-content\/uploads\/2026\/08\/businesswoman-cafe-communication-computer-concentrated-connection-1435853-pxhere.com_-1.jpg","datePublished":"2026-08-09T18:39:01+00:00","dateModified":"2026-09-01T00:03:00+00:00","breadcrumb":{"@id":"https:\/\/sanz-avocat.com\/index.php\/newsletter\/#breadcrumb"},"inLanguage":"fr-FR","potentialAction":[{"@type":"ReadAction","target":["https:\/\/sanz-avocat.com\/index.php\/newsletter\/"]}]},{"@type":"ImageObject","inLanguage":"fr-FR","@id":"https:\/\/sanz-avocat.com\/index.php\/newsletter\/#primaryimage","url":"https:\/\/sanz-avocat.com\/wp-content\/uploads\/2026\/08\/businesswoman-cafe-communication-computer-concentrated-connection-1435853-pxhere.com_-1.jpg","contentUrl":"https:\/\/sanz-avocat.com\/wp-content\/uploads\/2026\/08\/businesswoman-cafe-communication-computer-concentrated-connection-1435853-pxhere.com_-1.jpg","width":800,"height":538},{"@type":"BreadcrumbList","@id":"https:\/\/sanz-avocat.com\/index.php\/newsletter\/#breadcrumb","itemListElement":[{"@type":"ListItem","position":1,"name":"Accueil","item":"https:\/\/sanz-avocat.com\/"},{"@type":"ListItem","position":2,"name":"NEWSLETTER"}]},{"@type":"WebSite","@id":"https:\/\/sanz-avocat.com\/#website","url":"https:\/\/sanz-avocat.com\/","name":"SANZ | AVOCAT","description":"Le droit \u00e9conomique sur mesure","publisher":{"@id":"https:\/\/sanz-avocat.com\/#organization"},"potentialAction":[{"@type":"SearchAction","target":{"@type":"EntryPoint","urlTemplate":"https:\/\/sanz-avocat.com\/?s={search_term_string}"},"query-input":{"@type":"PropertyValueSpecification","valueRequired":true,"valueName":"search_term_string"}}],"inLanguage":"fr-FR"},{"@type":"Organization","@id":"https:\/\/sanz-avocat.com\/#organization","name":"SANZ | AVOCAT","url":"https:\/\/sanz-avocat.com\/","logo":{"@type":"ImageObject","inLanguage":"fr-FR","@id":"https:\/\/sanz-avocat.com\/#\/schema\/logo\/image\/","url":"https:\/\/sanz-avocat.com\/wp-content\/uploads\/2026\/08\/Logo2-1.png","contentUrl":"https:\/\/sanz-avocat.com\/wp-content\/uploads\/2026\/08\/Logo2-1.png","width":628,"height":450,"caption":"SANZ | AVOCAT"},"image":{"@id":"https:\/\/sanz-avocat.com\/#\/schema\/logo\/image\/"}}]}},"_links":{"self":[{"href":"https:\/\/sanz-avocat.com\/index.php\/wp-json\/wp\/v2\/pages\/182","targetHints":{"allow":["GET"]}}],"collection":[{"href":"https:\/\/sanz-avocat.com\/index.php\/wp-json\/wp\/v2\/pages"}],"about":[{"href":"https:\/\/sanz-avocat.com\/index.php\/wp-json\/wp\/v2\/types\/page"}],"author":[{"embeddable":true,"href":"https:\/\/sanz-avocat.com\/index.php\/wp-json\/wp\/v2\/users\/1"}],"replies":[{"embeddable":true,"href":"https:\/\/sanz-avocat.com\/index.php\/wp-json\/wp\/v2\/comments?post=182"}],"version-history":[{"count":118,"href":"https:\/\/sanz-avocat.com\/index.php\/wp-json\/wp\/v2\/pages\/182\/revisions"}],"predecessor-version":[{"id":982,"href":"https:\/\/sanz-avocat.com\/index.php\/wp-json\/wp\/v2\/pages\/182\/revisions\/982"}],"wp:featuredmedia":[{"embeddable":true,"href":"https:\/\/sanz-avocat.com\/index.php\/wp-json\/wp\/v2\/media\/184"}],"wp:attachment":[{"href":"https:\/\/sanz-avocat.com\/index.php\/wp-json\/wp\/v2\/media?parent=182"}],"curies":[{"name":"wp","href":"https:\/\/api.w.org\/{rel}","templated":true}]}}