{"id":462,"date":"2026-08-15T07:20:26","date_gmt":"2026-08-15T05:20:26","guid":{"rendered":"https:\/\/sanz-avocat.com\/?page_id=462"},"modified":"2026-08-31T20:53:58","modified_gmt":"2026-08-31T18:53:58","slug":"mentions-legales","status":"publish","type":"page","link":"https:\/\/sanz-avocat.com\/index.php\/mentions-legales\/","title":{"rendered":"MENTIONS LEGALES"},"content":{"rendered":"\n<div style=\"height:61px\" aria-hidden=\"true\" class=\"wp-block-spacer\"><\/div>\n\n\n\n<div class=\"wp-block-group has-global-padding is-layout-constrained wp-block-group-is-layout-constrained\">\n<p class=\"alignwide has-x-large-font-size wp-block-paragraph\"><strong>1. Editeur du site :&nbsp;<\/strong><\/p>\n\n\n\n<p class=\"alignwide wp-block-paragraph\">Le pr\u00e9sent site est \u00e9dit\u00e9 par Arnaud SANZ, Avocat inscrit au Barreau de Paris, exer\u00e7ant \u00e0 titre d&rsquo;entrepreneur individuel sous la d\u00e9nomination SANZ | AVOCAT.<br><br><strong>Coordonn\u00e9es <\/strong>: <br><br>SANZ | AVOCAT<br>Arnaud Sanz<br><br>Domiciliation :<br>AUMANS Avocats<br>25-29 Place de la Madeleine<br>75008 Paris<br><br>E-mail : arnaud.sanz@sanz-avocat.com<br>T\u00e9l.: 06.43.55.52.39<br><br>SIREN n\u00b0 454 001 058<br>TVA n\u00b0 FR93454001058<\/p>\n\n\n\n<p class=\"alignwide wp-block-paragraph\">Directeur de publication : Arnaud Sanz.<\/p>\n\n\n\n<p class=\"alignwide has-x-large-font-size wp-block-paragraph\"><strong>2. H\u00e9bergeur du site<\/strong><\/p>\n\n\n\n<p class=\"alignwide has-small-font-size wp-block-paragraph\">Le site est h\u00e9berg\u00e9 par la soci\u00e9t\u00e9 OVH, SAS au capital de 50 000 000 \u20ac, RCS Lille M\u00e9tropole 424 761 419 00045, Code APE 2620Z, N\u00b0 TVA : FR 22 424 761 419, Si\u00e8ge social : 2 rue Kellermann &#8211; 59100 Roubaix &#8211; France.<br><br>OVH SAS est une filiale de la soci\u00e9t\u00e9 OVH Groupe SA, soci\u00e9t\u00e9 immatricul\u00e9e au RCS de Lille sous le num\u00e9ro 537 407 926 sise 2, rue Kellermann, 59100 Roubaix.<\/p>\n\n\n\n<p class=\"alignwide has-x-large-font-size wp-block-paragraph\">3<strong>. Donn\u00e9es personnelles<\/strong><\/p>\n\n\n\n<p class=\"alignwide has-small-font-size wp-block-paragraph\">SANZ AVOCAT peut \u00eatre amen\u00e9 \u00e0 traiter des donn\u00e9es \u00e0 caract\u00e8re personnel dans le cadre du fonctionnement du site, notamment lorsque vous utilisez un formulaire de contact ou vous inscrivez \u00e0 la newsletter.<\/p>\n\n\n\n<p class=\"alignwide wp-block-paragraph\">Ces traitements sont effectu\u00e9s conform\u00e9ment au R\u00e8glement (UE) 2016\/679 du 27 avril 2016 (RGPD) et \u00e0 la loi n\u00b0 78-17 du 6 janvier 1978 modifi\u00e9e relative \u00e0 l&rsquo;informatique, aux fichiers et aux libert\u00e9s. Les donn\u00e9es n\u00e9cessaires \u00e0 la gestion et \u00e0 l&rsquo;envoi de la newsletter sont trait\u00e9es, pour le compte de SANZ | AVOCAT, par <strong>Brevo<\/strong>, agissant en qualit\u00e9 de sous-traitant au sens de l&rsquo;article 28 du RGPD.<br><br>Les informations d\u00e9taill\u00e9es concernant les traitements de donn\u00e9es personnelles, leurs finalit\u00e9s, leurs bases juridiques, leurs dur\u00e9es de conservation et l&rsquo;exercice de vos droits figurent dans la <strong>Politique de confidentialit\u00e9<\/strong> de Brevo (<a href=\"https:\/\/www.brevo.com\/fr\/legal\/privacypolicy\/\">https:\/\/www.brevo.com\/fr\/legal\/privacypolicy\/<\/a>).<\/p>\n\n\n\n<p class=\"alignwide wp-block-paragraph\">Vous disposez d&rsquo;un droit d&rsquo;acc\u00e8s, de rectification et de suppression des donn\u00e9es personnelles vous concernant \u00e9ventuellement collect\u00e9es par ce site. Pour exercer ce droit, il vous suffit de nous \u00e9crire \u00e0 l&rsquo;adresse suivante :<\/p>\n\n\n\n<p class=\"alignwide wp-block-paragraph\">SANZ | AVOCAT<br>Arnaud Sanz<br>Aumans Avocats<br>25-29 Place de la Madeleine<br>75008 Paris<br><br>E-mail : arnaud.sanz@sanz-avocat.com<\/p>\n\n\n\n<p class=\"alignwide has-x-large-font-size wp-block-paragraph\">4. Propri\u00e9t\u00e9 intellectuelle<\/p>\n\n\n\n<p class=\"alignwide has-small-font-size wp-block-paragraph\">Le pr\u00e9sent site, sa structure et l&rsquo;ensemble de ses contenus, notamment les textes, \u00e9l\u00e9ments graphiques, logos, photographies, illustrations et autres \u00e9l\u00e9ments qui le composent, sont prot\u00e9g\u00e9s par les dispositions applicables en mati\u00e8re de propri\u00e9t\u00e9 intellectuelle. <br><br>Sauf mention contraire, ces \u00e9l\u00e9ments sont la propri\u00e9t\u00e9 d&rsquo;Arnaud Sanz ou font l&rsquo;objet d&rsquo;un droit d&rsquo;utilisation.<\/p>\n\n\n\n<p class=\"alignwide wp-block-paragraph\">Toute reproduction, repr\u00e9sentation, adaptation, publication ou exploitation, totale ou partielle, du site ou de l&rsquo;un de ses \u00e9l\u00e9ments, par quelque proc\u00e9d\u00e9 que ce soit, sans autorisation pr\u00e9alable, est interdite, sous r\u00e9serve des exceptions pr\u00e9vues par la l\u00e9gislation applicable.<\/p>\n\n\n\n<p class=\"alignwide has-x-large-font-size wp-block-paragraph\">5<strong>. Liens hypertextes<\/strong><\/p>\n\n\n\n<p class=\"alignwide wp-block-paragraph\">Ce site propose des liens vers d&rsquo;autres sites. Ceux-ci peuvent \u00e9galement collecter des donn\u00e9es \u00e0 caract\u00e8re personnel ou non. La consultation de ces sites, ainsi que la collecte et l&rsquo;utilisation de donn\u00e9es personnelles sur ces sites, sont soumises aux conditions d&rsquo;utilisation et aux politiques de protection des donn\u00e9es personnelles desdits sites.<br><br>La cr\u00e9ation de liens hypertextes vers le site http:\/\/sanz-avocat.com est soumise \u00e0 l&rsquo;accord pr\u00e9alable du directeur de la publication.<\/p>\n\n\n\n<p class=\"alignwide has-x-large-font-size wp-block-paragraph\">6. M\u00e9diation de la consommation<\/p>\n\n\n\n<p class=\"alignwide wp-block-paragraph\">Conform\u00e9ment aux dispositions du Code de la consommation relatives au r\u00e8glement amiable des litiges, lorsqu&rsquo;un client agit en qualit\u00e9 de consommateur, il peut recourir gratuitement, dans les conditions pr\u00e9vues par les textes applicables, au M\u00e9diateur de la consommation de la profession d&rsquo;avocat :<br><br><strong>M\u00e9diateur de la consommation de la profession d&rsquo;avocat<\/strong><br>180 boulevard Haussmann<br>75008 Paris<br><br>Les modalit\u00e9s de saisine et coordonn\u00e9es actualis\u00e9es du M\u00e9diateur sont disponibles sur le site du Conseil national des barreaux.<\/p>\n\n\n\n<p class=\"alignwide has-x-large-font-size wp-block-paragraph\">7. Droit applicable<\/p>\n\n\n\n<p class=\"alignwide wp-block-paragraph\">Le pr\u00e9sent site et ses mentions l\u00e9gales sont soumis au droit fran\u00e7ais.<\/p>\n\n\n\n<p class=\"alignwide wp-block-paragraph\"><strong>Derni\u00e8re mise \u00e0 jour :<\/strong> 1 septembre 2026.<\/p>\n<\/div>\n","protected":false},"excerpt":{"rendered":"<p>1. Editeur du site :&nbsp; Le pr\u00e9sent site est \u00e9dit\u00e9 par Arnaud SANZ, Avocat inscrit au Barreau de Paris, exer\u00e7ant \u00e0 titre d&rsquo;entrepreneur individuel sous la d\u00e9nomination SANZ | AVOCAT. Coordonn\u00e9es : SANZ | AVOCATArnaud Sanz Domiciliation :AUMANS Avocats25-29 Place de la Madeleine75008 Paris E-mail : arnaud.sanz@sanz-avocat.comT\u00e9l.: 06.43.55.52.39 SIREN n\u00b0 454 001 058TVA n\u00b0 FR93454001058 [&hellip;]<\/p>\n","protected":false},"author":1,"featured_media":463,"parent":0,"menu_order":0,"comment_status":"closed","ping_status":"closed","template":"","meta":{"footnotes":""},"class_list":["post-462","page","type-page","status-publish","has-post-thumbnail","hentry"],"yoast_head":"<!-- This site is optimized with the Yoast SEO plugin v28.3 - https:\/\/yoast.com\/product\/yoast-seo-wordpress\/ -->\n<title>MENTIONS LEGALES - SANZ | AVOCAT<\/title>\n<meta name=\"robots\" content=\"index, follow, max-snippet:-1, max-image-preview:large, max-video-preview:-1\" \/>\n<link rel=\"canonical\" href=\"https:\/\/sanz-avocat.com\/index.php\/mentions-legales\/\" \/>\n<meta property=\"og:locale\" content=\"fr_FR\" \/>\n<meta property=\"og:type\" content=\"article\" \/>\n<meta property=\"og:title\" content=\"MENTIONS LEGALES - SANZ | AVOCAT\" \/>\n<meta property=\"og:description\" content=\"1. Editeur du site :&nbsp; Le pr\u00e9sent site est \u00e9dit\u00e9 par Arnaud SANZ, Avocat inscrit au Barreau de Paris, exer\u00e7ant \u00e0 titre d&rsquo;entrepreneur individuel sous la d\u00e9nomination SANZ | AVOCAT. Coordonn\u00e9es : SANZ | AVOCATArnaud Sanz Domiciliation :AUMANS Avocats25-29 Place de la Madeleine75008 Paris E-mail : arnaud.sanz@sanz-avocat.comT\u00e9l.: 06.43.55.52.39 SIREN n\u00b0 454 001 058TVA n\u00b0 FR93454001058 [&hellip;]\" \/>\n<meta property=\"og:url\" content=\"https:\/\/sanz-avocat.com\/index.php\/mentions-legales\/\" \/>\n<meta property=\"og:site_name\" content=\"SANZ | AVOCAT\" \/>\n<meta property=\"article:modified_time\" content=\"2026-08-31T18:53:58+00:00\" \/>\n<meta property=\"og:image\" content=\"https:\/\/sanz-avocat.com\/wp-content\/uploads\/2026\/08\/document-agreement-documents-sign-f394bda14b1cd257e6762a4a7ee770dd-scaled.jpg\" \/>\n\t<meta property=\"og:image:width\" content=\"2560\" \/>\n\t<meta property=\"og:image:height\" content=\"1702\" \/>\n\t<meta property=\"og:image:type\" content=\"image\/jpeg\" \/>\n<meta name=\"twitter:card\" content=\"summary_large_image\" \/>\n<meta name=\"twitter:label1\" content=\"Dur\u00e9e de lecture estim\u00e9e\" \/>\n\t<meta name=\"twitter:data1\" content=\"4 minutes\" \/>\n<script type=\"application\/ld+json\" class=\"yoast-schema-graph\">{\"@context\":\"https:\\\/\\\/schema.org\",\"@graph\":[{\"@type\":\"WebPage\",\"@id\":\"https:\\\/\\\/sanz-avocat.com\\\/index.php\\\/mentions-legales\\\/\",\"url\":\"https:\\\/\\\/sanz-avocat.com\\\/index.php\\\/mentions-legales\\\/\",\"name\":\"MENTIONS LEGALES - SANZ | AVOCAT\",\"isPartOf\":{\"@id\":\"https:\\\/\\\/sanz-avocat.com\\\/#website\"},\"primaryImageOfPage\":{\"@id\":\"https:\\\/\\\/sanz-avocat.com\\\/index.php\\\/mentions-legales\\\/#primaryimage\"},\"image\":{\"@id\":\"https:\\\/\\\/sanz-avocat.com\\\/index.php\\\/mentions-legales\\\/#primaryimage\"},\"thumbnailUrl\":\"https:\\\/\\\/sanz-avocat.com\\\/wp-content\\\/uploads\\\/2026\\\/08\\\/document-agreement-documents-sign-f394bda14b1cd257e6762a4a7ee770dd-scaled.jpg\",\"datePublished\":\"2026-08-15T05:20:26+00:00\",\"dateModified\":\"2026-08-31T18:53:58+00:00\",\"breadcrumb\":{\"@id\":\"https:\\\/\\\/sanz-avocat.com\\\/index.php\\\/mentions-legales\\\/#breadcrumb\"},\"inLanguage\":\"fr-FR\",\"potentialAction\":[{\"@type\":\"ReadAction\",\"target\":[\"https:\\\/\\\/sanz-avocat.com\\\/index.php\\\/mentions-legales\\\/\"]}]},{\"@type\":\"ImageObject\",\"inLanguage\":\"fr-FR\",\"@id\":\"https:\\\/\\\/sanz-avocat.com\\\/index.php\\\/mentions-legales\\\/#primaryimage\",\"url\":\"https:\\\/\\\/sanz-avocat.com\\\/wp-content\\\/uploads\\\/2026\\\/08\\\/document-agreement-documents-sign-f394bda14b1cd257e6762a4a7ee770dd-scaled.jpg\",\"contentUrl\":\"https:\\\/\\\/sanz-avocat.com\\\/wp-content\\\/uploads\\\/2026\\\/08\\\/document-agreement-documents-sign-f394bda14b1cd257e6762a4a7ee770dd-scaled.jpg\",\"width\":2560,\"height\":1702},{\"@type\":\"BreadcrumbList\",\"@id\":\"https:\\\/\\\/sanz-avocat.com\\\/index.php\\\/mentions-legales\\\/#breadcrumb\",\"itemListElement\":[{\"@type\":\"ListItem\",\"position\":1,\"name\":\"Accueil\",\"item\":\"https:\\\/\\\/sanz-avocat.com\\\/\"},{\"@type\":\"ListItem\",\"position\":2,\"name\":\"MENTIONS LEGALES\"}]},{\"@type\":\"WebSite\",\"@id\":\"https:\\\/\\\/sanz-avocat.com\\\/#website\",\"url\":\"https:\\\/\\\/sanz-avocat.com\\\/\",\"name\":\"SANZ | AVOCAT\",\"description\":\"Le droit \u00e9conomique sur mesure\",\"publisher\":{\"@id\":\"https:\\\/\\\/sanz-avocat.com\\\/#organization\"},\"potentialAction\":[{\"@type\":\"SearchAction\",\"target\":{\"@type\":\"EntryPoint\",\"urlTemplate\":\"https:\\\/\\\/sanz-avocat.com\\\/?s={search_term_string}\"},\"query-input\":{\"@type\":\"PropertyValueSpecification\",\"valueRequired\":true,\"valueName\":\"search_term_string\"}}],\"inLanguage\":\"fr-FR\"},{\"@type\":\"Organization\",\"@id\":\"https:\\\/\\\/sanz-avocat.com\\\/#organization\",\"name\":\"SANZ | AVOCAT\",\"url\":\"https:\\\/\\\/sanz-avocat.com\\\/\",\"logo\":{\"@type\":\"ImageObject\",\"inLanguage\":\"fr-FR\",\"@id\":\"https:\\\/\\\/sanz-avocat.com\\\/#\\\/schema\\\/logo\\\/image\\\/\",\"url\":\"https:\\\/\\\/sanz-avocat.com\\\/wp-content\\\/uploads\\\/2026\\\/08\\\/Logo2-1.png\",\"contentUrl\":\"https:\\\/\\\/sanz-avocat.com\\\/wp-content\\\/uploads\\\/2026\\\/08\\\/Logo2-1.png\",\"width\":628,\"height\":450,\"caption\":\"SANZ | AVOCAT\"},\"image\":{\"@id\":\"https:\\\/\\\/sanz-avocat.com\\\/#\\\/schema\\\/logo\\\/image\\\/\"}}]}<\/script>\n<!-- \/ Yoast SEO plugin. -->","yoast_head_json":{"title":"MENTIONS LEGALES - SANZ | AVOCAT","robots":{"index":"index","follow":"follow","max-snippet":"max-snippet:-1","max-image-preview":"max-image-preview:large","max-video-preview":"max-video-preview:-1"},"canonical":"https:\/\/sanz-avocat.com\/index.php\/mentions-legales\/","og_locale":"fr_FR","og_type":"article","og_title":"MENTIONS LEGALES - SANZ | AVOCAT","og_description":"1. Editeur du site :&nbsp; Le pr\u00e9sent site est \u00e9dit\u00e9 par Arnaud SANZ, Avocat inscrit au Barreau de Paris, exer\u00e7ant \u00e0 titre d&rsquo;entrepreneur individuel sous la d\u00e9nomination SANZ | AVOCAT. Coordonn\u00e9es : SANZ | AVOCATArnaud Sanz Domiciliation :AUMANS Avocats25-29 Place de la Madeleine75008 Paris E-mail : arnaud.sanz@sanz-avocat.comT\u00e9l.: 06.43.55.52.39 SIREN n\u00b0 454 001 058TVA n\u00b0 FR93454001058 [&hellip;]","og_url":"https:\/\/sanz-avocat.com\/index.php\/mentions-legales\/","og_site_name":"SANZ | AVOCAT","article_modified_time":"2026-08-31T18:53:58+00:00","og_image":[{"width":2560,"height":1702,"url":"https:\/\/sanz-avocat.com\/wp-content\/uploads\/2026\/08\/document-agreement-documents-sign-f394bda14b1cd257e6762a4a7ee770dd-scaled.jpg","type":"image\/jpeg"}],"twitter_card":"summary_large_image","twitter_misc":{"Dur\u00e9e de lecture estim\u00e9e":"4 minutes"},"schema":{"@context":"https:\/\/schema.org","@graph":[{"@type":"WebPage","@id":"https:\/\/sanz-avocat.com\/index.php\/mentions-legales\/","url":"https:\/\/sanz-avocat.com\/index.php\/mentions-legales\/","name":"MENTIONS LEGALES - SANZ | AVOCAT","isPartOf":{"@id":"https:\/\/sanz-avocat.com\/#website"},"primaryImageOfPage":{"@id":"https:\/\/sanz-avocat.com\/index.php\/mentions-legales\/#primaryimage"},"image":{"@id":"https:\/\/sanz-avocat.com\/index.php\/mentions-legales\/#primaryimage"},"thumbnailUrl":"https:\/\/sanz-avocat.com\/wp-content\/uploads\/2026\/08\/document-agreement-documents-sign-f394bda14b1cd257e6762a4a7ee770dd-scaled.jpg","datePublished":"2026-08-15T05:20:26+00:00","dateModified":"2026-08-31T18:53:58+00:00","breadcrumb":{"@id":"https:\/\/sanz-avocat.com\/index.php\/mentions-legales\/#breadcrumb"},"inLanguage":"fr-FR","potentialAction":[{"@type":"ReadAction","target":["https:\/\/sanz-avocat.com\/index.php\/mentions-legales\/"]}]},{"@type":"ImageObject","inLanguage":"fr-FR","@id":"https:\/\/sanz-avocat.com\/index.php\/mentions-legales\/#primaryimage","url":"https:\/\/sanz-avocat.com\/wp-content\/uploads\/2026\/08\/document-agreement-documents-sign-f394bda14b1cd257e6762a4a7ee770dd-scaled.jpg","contentUrl":"https:\/\/sanz-avocat.com\/wp-content\/uploads\/2026\/08\/document-agreement-documents-sign-f394bda14b1cd257e6762a4a7ee770dd-scaled.jpg","width":2560,"height":1702},{"@type":"BreadcrumbList","@id":"https:\/\/sanz-avocat.com\/index.php\/mentions-legales\/#breadcrumb","itemListElement":[{"@type":"ListItem","position":1,"name":"Accueil","item":"https:\/\/sanz-avocat.com\/"},{"@type":"ListItem","position":2,"name":"MENTIONS LEGALES"}]},{"@type":"WebSite","@id":"https:\/\/sanz-avocat.com\/#website","url":"https:\/\/sanz-avocat.com\/","name":"SANZ | AVOCAT","description":"Le droit \u00e9conomique sur mesure","publisher":{"@id":"https:\/\/sanz-avocat.com\/#organization"},"potentialAction":[{"@type":"SearchAction","target":{"@type":"EntryPoint","urlTemplate":"https:\/\/sanz-avocat.com\/?s={search_term_string}"},"query-input":{"@type":"PropertyValueSpecification","valueRequired":true,"valueName":"search_term_string"}}],"inLanguage":"fr-FR"},{"@type":"Organization","@id":"https:\/\/sanz-avocat.com\/#organization","name":"SANZ | AVOCAT","url":"https:\/\/sanz-avocat.com\/","logo":{"@type":"ImageObject","inLanguage":"fr-FR","@id":"https:\/\/sanz-avocat.com\/#\/schema\/logo\/image\/","url":"https:\/\/sanz-avocat.com\/wp-content\/uploads\/2026\/08\/Logo2-1.png","contentUrl":"https:\/\/sanz-avocat.com\/wp-content\/uploads\/2026\/08\/Logo2-1.png","width":628,"height":450,"caption":"SANZ | AVOCAT"},"image":{"@id":"https:\/\/sanz-avocat.com\/#\/schema\/logo\/image\/"}}]}},"_links":{"self":[{"href":"https:\/\/sanz-avocat.com\/index.php\/wp-json\/wp\/v2\/pages\/462","targetHints":{"allow":["GET"]}}],"collection":[{"href":"https:\/\/sanz-avocat.com\/index.php\/wp-json\/wp\/v2\/pages"}],"about":[{"href":"https:\/\/sanz-avocat.com\/index.php\/wp-json\/wp\/v2\/types\/page"}],"author":[{"embeddable":true,"href":"https:\/\/sanz-avocat.com\/index.php\/wp-json\/wp\/v2\/users\/1"}],"replies":[{"embeddable":true,"href":"https:\/\/sanz-avocat.com\/index.php\/wp-json\/wp\/v2\/comments?post=462"}],"version-history":[{"count":8,"href":"https:\/\/sanz-avocat.com\/index.php\/wp-json\/wp\/v2\/pages\/462\/revisions"}],"predecessor-version":[{"id":966,"href":"https:\/\/sanz-avocat.com\/index.php\/wp-json\/wp\/v2\/pages\/462\/revisions\/966"}],"wp:featuredmedia":[{"embeddable":true,"href":"https:\/\/sanz-avocat.com\/index.php\/wp-json\/wp\/v2\/media\/463"}],"wp:attachment":[{"href":"https:\/\/sanz-avocat.com\/index.php\/wp-json\/wp\/v2\/media?parent=462"}],"curies":[{"name":"wp","href":"https:\/\/api.w.org\/{rel}","templated":true}]}}